{"id":2644,"date":"2022-03-17T09:24:25","date_gmt":"2022-03-17T09:24:25","guid":{"rendered":"https:\/\/ic-konferencije.eu\/?page_id=2644"},"modified":"2022-03-17T10:04:08","modified_gmt":"2022-03-17T10:04:08","slug":"plenarni-izlagaci","status":"publish","type":"page","link":"https:\/\/ic-konferencije.eu\/en\/plenarni-izlagaci\/","title":{"rendered":"Keynote speakers"},"content":{"rendered":"<div data-elementor-type=\"wp-post\" data-elementor-id=\"2644\" class=\"elementor elementor-2644\">\n\t\t\t\t\t\t<section class=\"elementor-section elementor-top-section elementor-element elementor-element-77ccb31 elementor-section-height-min-height elementor-section-boxed elementor-section-height-default elementor-section-items-middle\" data-id=\"77ccb31\" data-element_type=\"section\" data-e-type=\"section\" data-settings=\"{&quot;background_background&quot;:&quot;classic&quot;}\">\n\t\t\t\t\t\t\t<div class=\"elementor-background-overlay\"><\/div>\n\t\t\t\t\t\t\t<div class=\"elementor-container elementor-column-gap-default\">\n\t\t\t\t\t<div class=\"elementor-column elementor-col-100 elementor-top-column elementor-element elementor-element-c6408c8 envato-kit-62-home\" data-id=\"c6408c8\" data-element_type=\"column\" data-e-type=\"column\" data-settings=\"{&quot;background_background&quot;:&quot;classic&quot;}\">\n\t\t\t<div class=\"elementor-widget-wrap elementor-element-populated\">\n\t\t\t\t\t\t<div class=\"elementor-element elementor-element-de72c4a elementor-widget elementor-widget-heading\" data-id=\"de72c4a\" data-element_type=\"widget\" data-e-type=\"widget\" data-widget_type=\"heading.default\">\n\t\t\t\t<div class=\"elementor-widget-container\">\n\t\t\t\t\t<h1 class=\"elementor-heading-title elementor-size-default\">KEYNOTE SPEAKERS<\/h1>\t\t\t\t<\/div>\n\t\t\t\t<\/div>\n\t\t\t\t\t<\/div>\n\t\t<\/div>\n\t\t\t\t\t<\/div>\n\t\t<\/section>\n\t\t\t\t<section class=\"elementor-section elementor-top-section elementor-element elementor-element-143eb98 elementor-section-full_width elementor-section-height-default elementor-section-height-default\" data-id=\"143eb98\" data-element_type=\"section\" data-e-type=\"section\">\n\t\t\t\t\t\t<div class=\"elementor-container elementor-column-gap-default\">\n\t\t\t\t\t<div class=\"elementor-column elementor-col-50 elementor-top-column elementor-element elementor-element-0d74496\" data-id=\"0d74496\" data-element_type=\"column\" data-e-type=\"column\">\n\t\t\t<div class=\"elementor-widget-wrap elementor-element-populated\">\n\t\t\t\t\t\t<section class=\"elementor-section elementor-inner-section elementor-element elementor-element-8379ed2 elementor-reverse-mobile elementor-section-boxed elementor-section-height-default elementor-section-height-default\" data-id=\"8379ed2\" data-element_type=\"section\" data-e-type=\"section\">\n\t\t\t\t\t\t<div class=\"elementor-container elementor-column-gap-default\">\n\t\t\t\t\t<div class=\"elementor-column elementor-col-100 elementor-inner-column elementor-element elementor-element-43a844b\" data-id=\"43a844b\" data-element_type=\"column\" data-e-type=\"column\">\n\t\t\t<div class=\"elementor-widget-wrap elementor-element-populated\">\n\t\t\t\t\t\t<div class=\"elementor-element elementor-element-62e2e87 elementor-widget elementor-widget-image\" data-id=\"62e2e87\" data-element_type=\"widget\" data-e-type=\"widget\" data-widget_type=\"image.default\">\n\t\t\t\t<div class=\"elementor-widget-container\">\n\t\t\t\t\t\t\t\t\t\t\t\t<figure class=\"wp-caption\">\n\t\t\t\t\t\t\t\t\t\t<img fetchpriority=\"high\" decoding=\"async\" width=\"578\" height=\"578\" src=\"https:\/\/ic-konferencije.eu\/wp-content\/uploads\/2022\/03\/Andreja-Stefulj.jpg\" class=\"attachment-full size-full wp-image-2654\" alt=\"\" srcset=\"https:\/\/ic-konferencije.eu\/wp-content\/uploads\/2022\/03\/Andreja-Stefulj.jpg 578w, https:\/\/ic-konferencije.eu\/wp-content\/uploads\/2022\/03\/Andreja-Stefulj-300x300.jpg 300w, https:\/\/ic-konferencije.eu\/wp-content\/uploads\/2022\/03\/Andreja-Stefulj-150x150.jpg 150w, https:\/\/ic-konferencije.eu\/wp-content\/uploads\/2022\/03\/Andreja-Stefulj-12x12.jpg 12w\" sizes=\"(max-width: 578px) 100vw, 578px\" \/>\t\t\t\t\t\t\t\t\t\t\t<figcaption class=\"widget-image-caption wp-caption-text\">Andreja \u0160tefulj<\/figcaption>\n\t\t\t\t\t\t\t\t\t\t<\/figure>\n\t\t\t\t\t\t\t\t\t<\/div>\n\t\t\t\t<\/div>\n\t\t\t\t<div class=\"elementor-element elementor-element-23a04c0 elementor-widget elementor-widget-text-editor\" data-id=\"23a04c0\" data-element_type=\"widget\" data-e-type=\"widget\" data-widget_type=\"text-editor.default\">\n\t\t\t\t<div class=\"elementor-widget-container\">\n\t\t\t\t\t\t\t\t\t<p><b>About: <\/b>Andreja Stefulj is a certified RDI counselor and a teacher of Yoga and Mindfulness. Through her experience of teaching yoga, she quickly realised the benefits that yoga offers for students' attention and focus, reduced anxiety and development of calming strategies. She is based in London where she works with the families of children with SEND and has experience in providing virtual support. Her mission is to support the families of children with SEND to reach their full potential.<\/p><p><b>Main focus area (theme)<\/b><strong>:<\/strong> Multidisciplinary approaches, methods and techniques in working with children and young people with SEND<\/p><p><b>Title<\/b><strong>:<\/strong> Relationship Development Intervention (RDI) and Yoga and Mindfulness for Diverse Needs<\/p>\t\t\t\t\t\t\t\t<\/div>\n\t\t\t\t<\/div>\n\t\t\t\t\t<\/div>\n\t\t<\/div>\n\t\t\t\t\t<\/div>\n\t\t<\/section>\n\t\t\t\t<section class=\"elementor-section elementor-inner-section elementor-element elementor-element-8c7e2ff elementor-reverse-mobile elementor-section-boxed elementor-section-height-default elementor-section-height-default\" data-id=\"8c7e2ff\" data-element_type=\"section\" data-e-type=\"section\">\n\t\t\t\t\t\t<div class=\"elementor-container elementor-column-gap-default\">\n\t\t\t\t\t<div class=\"elementor-column elementor-col-100 elementor-inner-column elementor-element elementor-element-7007dba\" data-id=\"7007dba\" data-element_type=\"column\" data-e-type=\"column\">\n\t\t\t<div class=\"elementor-widget-wrap elementor-element-populated\">\n\t\t\t\t\t\t<div class=\"elementor-element elementor-element-ea5ab42 elementor-widget elementor-widget-image\" data-id=\"ea5ab42\" data-element_type=\"widget\" data-e-type=\"widget\" data-widget_type=\"image.default\">\n\t\t\t\t<div class=\"elementor-widget-container\">\n\t\t\t\t\t\t\t\t\t\t\t\t<figure class=\"wp-caption\">\n\t\t\t\t\t\t\t\t\t\t<img decoding=\"async\" width=\"249\" height=\"249\" src=\"https:\/\/ic-konferencije.eu\/wp-content\/uploads\/2022\/03\/Mim-Ochsenbein.jpg\" class=\"attachment-full size-full wp-image-2655\" alt=\"\" srcset=\"https:\/\/ic-konferencije.eu\/wp-content\/uploads\/2022\/03\/Mim-Ochsenbein.jpg 249w, https:\/\/ic-konferencije.eu\/wp-content\/uploads\/2022\/03\/Mim-Ochsenbein-150x150.jpg 150w, https:\/\/ic-konferencije.eu\/wp-content\/uploads\/2022\/03\/Mim-Ochsenbein-12x12.jpg 12w\" sizes=\"(max-width: 249px) 100vw, 249px\" \/>\t\t\t\t\t\t\t\t\t\t\t<figcaption class=\"widget-image-caption wp-caption-text\">Mim Ochsenbein<\/figcaption>\n\t\t\t\t\t\t\t\t\t\t<\/figure>\n\t\t\t\t\t\t\t\t\t<\/div>\n\t\t\t\t<\/div>\n\t\t\t\t<div class=\"elementor-element elementor-element-52e16cb elementor-widget elementor-widget-text-editor\" data-id=\"52e16cb\" data-element_type=\"widget\" data-e-type=\"widget\" data-widget_type=\"text-editor.default\">\n\t\t\t\t<div class=\"elementor-widget-container\">\n\t\t\t\t\t\t\t\t\t<p><b>About: <\/b>Mim  Ochsenbein works as a pediatric occupational therapist for over 25 years. Her broad practice experience and specialisations are further enhanced by her Master's degree in Social Care, with an emphasis in nonprofit management and development. The combination of her academic background and practical experience has enabled her to bring a unique worldview to both her clinical practice, professional-level students, and programme development. Helping others understand and support neuro-divergences is her focus. Mim continues to strive to create a comprehensive, blended practice of both direct client care, programme development, consultation, and teaching.<\/p><p class=\"translation-block\"><b>Main focus area (theme):<\/b> Sensory integration: early intervention and school age<\/p><p><b>Title<\/b><strong>:<\/strong> STAR's Foundations to Development in Practice: An Introduction to the Dynamics of Sensory Processing, Regulation, and Relationships<\/p>\t\t\t\t\t\t\t\t<\/div>\n\t\t\t\t<\/div>\n\t\t\t\t\t<\/div>\n\t\t<\/div>\n\t\t\t\t\t<\/div>\n\t\t<\/section>\n\t\t\t\t<section class=\"elementor-section elementor-inner-section elementor-element elementor-element-caad94d elementor-reverse-mobile elementor-section-boxed elementor-section-height-default elementor-section-height-default\" data-id=\"caad94d\" data-element_type=\"section\" data-e-type=\"section\">\n\t\t\t\t\t\t<div class=\"elementor-container elementor-column-gap-default\">\n\t\t\t\t\t<div class=\"elementor-column elementor-col-100 elementor-inner-column elementor-element elementor-element-68c2164\" data-id=\"68c2164\" data-element_type=\"column\" data-e-type=\"column\">\n\t\t\t<div class=\"elementor-widget-wrap elementor-element-populated\">\n\t\t\t\t\t\t<div class=\"elementor-element elementor-element-858158d elementor-widget elementor-widget-image\" data-id=\"858158d\" data-element_type=\"widget\" data-e-type=\"widget\" data-widget_type=\"image.default\">\n\t\t\t\t<div class=\"elementor-widget-container\">\n\t\t\t\t\t\t\t\t\t\t\t\t<figure class=\"wp-caption\">\n\t\t\t\t\t\t\t\t\t\t<img decoding=\"async\" width=\"411\" height=\"412\" src=\"https:\/\/ic-konferencije.eu\/wp-content\/uploads\/2022\/03\/Monika-Novak-Pavlic.jpeg\" class=\"attachment-full size-full wp-image-2659\" alt=\"\" srcset=\"https:\/\/ic-konferencije.eu\/wp-content\/uploads\/2022\/03\/Monika-Novak-Pavlic.jpeg 411w, https:\/\/ic-konferencije.eu\/wp-content\/uploads\/2022\/03\/Monika-Novak-Pavlic-300x300.jpeg 300w, https:\/\/ic-konferencije.eu\/wp-content\/uploads\/2022\/03\/Monika-Novak-Pavlic-150x150.jpeg 150w, https:\/\/ic-konferencije.eu\/wp-content\/uploads\/2022\/03\/Monika-Novak-Pavlic-12x12.jpeg 12w\" sizes=\"(max-width: 411px) 100vw, 411px\" \/>\t\t\t\t\t\t\t\t\t\t\t<figcaption class=\"widget-image-caption wp-caption-text\">Monika Novak Pavlic<\/figcaption>\n\t\t\t\t\t\t\t\t\t\t<\/figure>\n\t\t\t\t\t\t\t\t\t<\/div>\n\t\t\t\t<\/div>\n\t\t\t\t<div class=\"elementor-element elementor-element-0166c26 elementor-widget elementor-widget-text-editor\" data-id=\"0166c26\" data-element_type=\"widget\" data-e-type=\"widget\" data-widget_type=\"text-editor.default\">\n\t\t\t\t<div class=\"elementor-widget-container\">\n\t\t\t\t\t\t\t\t\t<p><b>About: <\/b><b><\/b>Monika Novak Pavlic completed her Professional Bachelor\u2019s degree in Physiotherapy at the Faculty of Applied Health Sciences in Zagreb, her Bachelor\u2019s and Master of Science degree at the Faculty of Education and Rehabilitation Sciences, and is currently a PhD student. Since 2016, she has been dedicated to research work and teaching. In her research work, she is currently exploring wellbeing of parents and families of children with SEND, care delivery models in pediatric rehabilitation, family-centered service, adaptation and implementation of evidence-based practice and translational research. Family as a key factor in planning and implementing educational, prevention and therapeutic programmes.\u00a0<\/p><p><b>Main focus area (theme):<\/b> Family as a key factor in planning and implementing educational, prevention and therapeutic programmes<\/p><p><b>Title: <\/b>Support and well-being of parents of children with SEND in early developmental (re) habilitation<\/p>\t\t\t\t\t\t\t\t<\/div>\n\t\t\t\t<\/div>\n\t\t\t\t\t<\/div>\n\t\t<\/div>\n\t\t\t\t\t<\/div>\n\t\t<\/section>\n\t\t\t\t<section class=\"elementor-section elementor-inner-section elementor-element elementor-element-509e001 elementor-reverse-mobile elementor-section-boxed elementor-section-height-default elementor-section-height-default\" data-id=\"509e001\" data-element_type=\"section\" data-e-type=\"section\">\n\t\t\t\t\t\t<div class=\"elementor-container elementor-column-gap-default\">\n\t\t\t\t\t<div class=\"elementor-column elementor-col-100 elementor-inner-column elementor-element elementor-element-bc5fd50\" data-id=\"bc5fd50\" data-element_type=\"column\" data-e-type=\"column\">\n\t\t\t<div class=\"elementor-widget-wrap elementor-element-populated\">\n\t\t\t\t\t\t<div class=\"elementor-element elementor-element-7ca2b59 elementor-widget elementor-widget-image\" data-id=\"7ca2b59\" data-element_type=\"widget\" data-e-type=\"widget\" data-widget_type=\"image.default\">\n\t\t\t\t<div class=\"elementor-widget-container\">\n\t\t\t\t\t\t\t\t\t\t\t\t<figure class=\"wp-caption\">\n\t\t\t\t\t\t\t\t\t\t<img loading=\"lazy\" decoding=\"async\" width=\"2238\" height=\"2238\" src=\"https:\/\/ic-konferencije.eu\/wp-content\/uploads\/2022\/03\/Silvija-Pucko.jpg\" class=\"attachment-full size-full wp-image-2660\" alt=\"\" srcset=\"https:\/\/ic-konferencije.eu\/wp-content\/uploads\/2022\/03\/Silvija-Pucko.jpg 2238w, https:\/\/ic-konferencije.eu\/wp-content\/uploads\/2022\/03\/Silvija-Pucko-300x300.jpg 300w, https:\/\/ic-konferencije.eu\/wp-content\/uploads\/2022\/03\/Silvija-Pucko-1024x1024.jpg 1024w, https:\/\/ic-konferencije.eu\/wp-content\/uploads\/2022\/03\/Silvija-Pucko-150x150.jpg 150w, https:\/\/ic-konferencije.eu\/wp-content\/uploads\/2022\/03\/Silvija-Pucko-768x768.jpg 768w, https:\/\/ic-konferencije.eu\/wp-content\/uploads\/2022\/03\/Silvija-Pucko-1536x1536.jpg 1536w, https:\/\/ic-konferencije.eu\/wp-content\/uploads\/2022\/03\/Silvija-Pucko-2048x2048.jpg 2048w, https:\/\/ic-konferencije.eu\/wp-content\/uploads\/2022\/03\/Silvija-Pucko-12x12.jpg 12w\" sizes=\"(max-width: 2238px) 100vw, 2238px\" \/>\t\t\t\t\t\t\t\t\t\t\t<figcaption class=\"widget-image-caption wp-caption-text\">Silvija Pucko<\/figcaption>\n\t\t\t\t\t\t\t\t\t\t<\/figure>\n\t\t\t\t\t\t\t\t\t<\/div>\n\t\t\t\t<\/div>\n\t\t\t\t<div class=\"elementor-element elementor-element-448508a elementor-widget elementor-widget-text-editor\" data-id=\"448508a\" data-element_type=\"widget\" data-e-type=\"widget\" data-widget_type=\"text-editor.default\">\n\t\t\t\t<div class=\"elementor-widget-container\">\n\t\t\t\t\t\t\t\t\t<p><b>About: <\/b><b><\/b>Silvija Pucko is an educational rehabilitator, founder and director of the MURID Early Intervention Center. Her entire career is dedicated to specialisation and education in the field of early intervention. She has co-authored the manual \u201cDown Syndrome \u2013 A Guide for Parents and Professionals\u201d and is the leader (and the internal supervisor) of the Growing Together and Growing Together Plus workshops and programme. In recent years, she has been engaged in diagnostics, educational work, development of quality standards for the provision of social services and the creation of an intersectoral model of early intervention.<\/p><p><b>Main focus area (theme):<\/b> Evaluation and progress \u2013 Data collection and analysis for planning, monitoring and evidencing impact.<\/p><p><b>Title: <\/b>Evidence based practice \u2013 evaluation of approach, competencies and rehabilitation performance as a basis for professionalism<\/p>\t\t\t\t\t\t\t\t<\/div>\n\t\t\t\t<\/div>\n\t\t\t\t\t<\/div>\n\t\t<\/div>\n\t\t\t\t\t<\/div>\n\t\t<\/section>\n\t\t\t\t<section class=\"elementor-section elementor-inner-section elementor-element elementor-element-b3005c9 elementor-reverse-mobile elementor-section-boxed elementor-section-height-default elementor-section-height-default\" data-id=\"b3005c9\" data-element_type=\"section\" data-e-type=\"section\">\n\t\t\t\t\t\t<div class=\"elementor-container elementor-column-gap-default\">\n\t\t\t\t\t<div class=\"elementor-column elementor-col-100 elementor-inner-column elementor-element elementor-element-d0ef942\" data-id=\"d0ef942\" data-element_type=\"column\" data-e-type=\"column\">\n\t\t\t<div class=\"elementor-widget-wrap elementor-element-populated\">\n\t\t\t\t\t\t<div class=\"elementor-element elementor-element-d438a4b elementor-widget elementor-widget-image\" data-id=\"d438a4b\" data-element_type=\"widget\" data-e-type=\"widget\" data-widget_type=\"image.default\">\n\t\t\t\t<div class=\"elementor-widget-container\">\n\t\t\t\t\t\t\t\t\t\t\t\t<figure class=\"wp-caption\">\n\t\t\t\t\t\t\t\t\t\t<img loading=\"lazy\" decoding=\"async\" width=\"138\" height=\"139\" src=\"https:\/\/ic-konferencije.eu\/wp-content\/uploads\/2022\/03\/Smiljana-Zrilic.png\" class=\"attachment-full size-full wp-image-2661\" alt=\"\" srcset=\"https:\/\/ic-konferencije.eu\/wp-content\/uploads\/2022\/03\/Smiljana-Zrilic.png 138w, https:\/\/ic-konferencije.eu\/wp-content\/uploads\/2022\/03\/Smiljana-Zrilic-12x12.png 12w\" sizes=\"(max-width: 138px) 100vw, 138px\" \/>\t\t\t\t\t\t\t\t\t\t\t<figcaption class=\"widget-image-caption wp-caption-text\">Smiljana Zrili\u0107<\/figcaption>\n\t\t\t\t\t\t\t\t\t\t<\/figure>\n\t\t\t\t\t\t\t\t\t<\/div>\n\t\t\t\t<\/div>\n\t\t\t\t<div class=\"elementor-element elementor-element-f9c270c elementor-widget elementor-widget-text-editor\" data-id=\"f9c270c\" data-element_type=\"widget\" data-e-type=\"widget\" data-widget_type=\"text-editor.default\">\n\t\t\t\t<div class=\"elementor-widget-container\">\n\t\t\t\t\t\t\t\t\t<p><b>About: <\/b><b><\/b>Smiljana Zrili\u0107 is a full professor at the Department of Teacher Education at the University of Zadar, where she teaches courses: Inclusive Education; Pedagogy of Children with Special Needs; Specific Learning Disabilities; Behavioral Disorders of Early and Preschool Children; and Gifted Students. Her areas of scientific interest are inclusion and the upbringing and education of children with special needs and disabilities (SEND). She has written about a hundred scientific and professional papers, the university textbook \"Children with special needs in kindergarten and lower grades of primary school\", and co-authored the university textbook \"Integral approach to giftedness \u2013 a perspective in education\".\u00a0\u00a0\u00a0<\/p><p><b>Main focus area (theme):<\/b> Therapeutic work in the process of upbringing and education of children and young people with SEND<\/p><p><b>Title:<\/b> Assessment of children with SEND \u2013  how much do we really value their work and abilities?<\/p>\t\t\t\t\t\t\t\t<\/div>\n\t\t\t\t<\/div>\n\t\t\t\t\t<\/div>\n\t\t<\/div>\n\t\t\t\t\t<\/div>\n\t\t<\/section>\n\t\t\t\t\t<\/div>\n\t\t<\/div>\n\t\t\t\t<div class=\"elementor-column elementor-col-50 elementor-top-column elementor-element elementor-element-bf8aeb5\" data-id=\"bf8aeb5\" data-element_type=\"column\" data-e-type=\"column\">\n\t\t\t<div class=\"elementor-widget-wrap elementor-element-populated\">\n\t\t\t\t\t\t\t<\/div>\n\t\t<\/div>\n\t\t\t\t\t<\/div>\n\t\t<\/section>\n\t\t\t\t<\/div>","protected":false},"excerpt":{"rendered":"<p>PLENARNI IZLAGA\u010cI Andreja \u0160tefulj O predava\u010du: Andreja \u0160tefulj certificirana je RDI savjetnica te u\u010diteljica Yoge i Mindfulnessa za odrasle i djecu s te\u0161ko\u0107ama u razvoju. Dobrobiti Yoge i Mindfulnessa iskusila je tijekom dugogodi\u0161nje prakse te navodi da oni imaju utjecaj na razvoj pa\u017enje, koncentracije, smanjenje anksioznosti i imaju povoljan utjecaj na razvoj tehnika opu\u0161tanja. \u017divi [&hellip;]<\/p>\n","protected":false},"author":1,"featured_media":0,"parent":0,"menu_order":0,"comment_status":"closed","ping_status":"closed","template":"","meta":{"site-sidebar-layout":"no-sidebar","site-content-layout":"page-builder","ast-site-content-layout":"default","site-content-style":"default","site-sidebar-style":"default","ast-global-header-display":"","ast-banner-title-visibility":"","ast-main-header-display":"","ast-hfb-above-header-display":"","ast-hfb-below-header-display":"","ast-hfb-mobile-header-display":"","site-post-title":"disabled","ast-breadcrumbs-content":"","ast-featured-img":"disabled","footer-sml-layout":"","ast-disable-related-posts":"","theme-transparent-header-meta":"default","adv-header-id-meta":"","stick-header-meta":"","header-above-stick-meta":"","header-main-stick-meta":"","header-below-stick-meta":"","astra-migrate-meta-layouts":"default","ast-page-background-enabled":"default","ast-page-background-meta":{"desktop":{"background-color":"","background-image":"","background-repeat":"repeat","background-position":"center center","background-size":"auto","background-attachment":"scroll","background-type":"","background-media":"","overlay-type":"","overlay-color":"","overlay-opacity":"","overlay-gradient":""},"tablet":{"background-color":"","background-image":"","background-repeat":"repeat","background-position":"center center","background-size":"auto","background-attachment":"scroll","background-type":"","background-media":"","overlay-type":"","overlay-color":"","overlay-opacity":"","overlay-gradient":""},"mobile":{"background-color":"","background-image":"","background-repeat":"repeat","background-position":"center center","background-size":"auto","background-attachment":"scroll","background-type":"","background-media":"","overlay-type":"","overlay-color":"","overlay-opacity":"","overlay-gradient":""}},"ast-content-background-meta":{"desktop":{"background-color":"var(--ast-global-color-5)","background-image":"","background-repeat":"repeat","background-position":"center center","background-size":"auto","background-attachment":"scroll","background-type":"","background-media":"","overlay-type":"","overlay-color":"","overlay-opacity":"","overlay-gradient":""},"tablet":{"background-color":"var(--ast-global-color-5)","background-image":"","background-repeat":"repeat","background-position":"center center","background-size":"auto","background-attachment":"scroll","background-type":"","background-media":"","overlay-type":"","overlay-color":"","overlay-opacity":"","overlay-gradient":""},"mobile":{"background-color":"var(--ast-global-color-5)","background-image":"","background-repeat":"repeat","background-position":"center center","background-size":"auto","background-attachment":"scroll","background-type":"","background-media":"","overlay-type":"","overlay-color":"","overlay-opacity":"","overlay-gradient":""}},"footnotes":""},"class_list":["post-2644","page","type-page","status-publish","hentry"],"_links":{"self":[{"href":"https:\/\/ic-konferencije.eu\/en\/wp-json\/wp\/v2\/pages\/2644","targetHints":{"allow":["GET"]}}],"collection":[{"href":"https:\/\/ic-konferencije.eu\/en\/wp-json\/wp\/v2\/pages"}],"about":[{"href":"https:\/\/ic-konferencije.eu\/en\/wp-json\/wp\/v2\/types\/page"}],"author":[{"embeddable":true,"href":"https:\/\/ic-konferencije.eu\/en\/wp-json\/wp\/v2\/users\/1"}],"replies":[{"embeddable":true,"href":"https:\/\/ic-konferencije.eu\/en\/wp-json\/wp\/v2\/comments?post=2644"}],"version-history":[{"count":22,"href":"https:\/\/ic-konferencije.eu\/en\/wp-json\/wp\/v2\/pages\/2644\/revisions"}],"predecessor-version":[{"id":2673,"href":"https:\/\/ic-konferencije.eu\/en\/wp-json\/wp\/v2\/pages\/2644\/revisions\/2673"}],"wp:attachment":[{"href":"https:\/\/ic-konferencije.eu\/en\/wp-json\/wp\/v2\/media?parent=2644"}],"curies":[{"name":"wp","href":"https:\/\/api.w.org\/{rel}","templated":true}]}}